{"id":12,"date":"2012-07-06T16:30:05","date_gmt":"2012-07-06T14:30:05","guid":{"rendered":"http:\/\/ez-und-geschlecht.podcast-kombinat.de\/?page_id=12"},"modified":"2012-08-03T18:03:26","modified_gmt":"2012-08-03T16:03:26","slug":"uber-das-projekt","status":"publish","type":"page","link":"http:\/\/ez-und-geschlecht.podcast-kombinat.de\/?page_id=12","title":{"rendered":"\u00dcber das Projekt"},"content":{"rendered":"<p>Die Interviewreihe findet im Rahmen unseres Studiums statt und befasst sich mit der Frage, inwieweit die Kategorie Geschlecht in der deutschen Entwicklungszusammenarbeit Beachtung findet und wie dies in verschiedenen Bereichen konkret ausgestaltet wird. Um dieser Frage nachzugehen, f\u00fchren wir Interviews mit ExpertInnen aus unterschiedlichen Bereichen der deutschen Entwicklungszusammenarbeit durch (z.B.: der legislativen sowie der\u00a0staatlich institutionellen Ebene, Stiftungen, gro\u00dfen und kleineren Nichtregierungsorganisationen und dem akademischen Bereich). Um die Interviews einem m\u00f6glichst breiten Publikum frei zug\u00e4nglich zu machen, werden sie in Form von Audiopodcasts thematisch aufgearbeitet und sofern m\u00f6glich unter einer <a href=\"https:\/\/creativecommons.org\/licenses\/by-sa\/3.0\/de\/\">Creative Commons BY-SA 3.0 Lizenz<\/a> ver\u00f6ffentlicht.\u00a0<a title=\"Unsere Motivation\" href=\"http:\/\/ez-und-geschlecht.podcast-kombinat.de\/2012\/06\/18\/motivation\/\">Unser Anliegen<\/a> ist es anstatt einer klassisch akademischen Arbeit zu verfassen, eine leicht zug\u00e4ngliche Interviewreihe aufzunehmen die f\u00fcr aktive \u201eEZler\u201c und Interessierte ebenso attraktiv ist wie f\u00fcr das akademische Publikum.<\/p>\n<p>Wir danken <a href=\"http:\/\/www.care.de\/\">Care<\/a> Deutschland f\u00fcr die Erlaubnis zur Verwendung des Titelfotos von\u00a0Jennifer Rowell!<\/p>\n","protected":false},"excerpt":{"rendered":"<p>Die Interviewreihe findet im Rahmen unseres Studiums statt und befasst sich mit der Frage, inwieweit die Kategorie Geschlecht in der deutschen Entwicklungszusammenarbeit Beachtung findet und wie dies in verschiedenen Bereichen konkret ausgestaltet wird. Um dieser Frage nachzugehen, f\u00fchren wir Interviews &hellip; <a href=\"http:\/\/ez-und-geschlecht.podcast-kombinat.de\/?page_id=12\">Weiterlesen <span class=\"meta-nav\">&rarr;<\/span><\/a><\/p>\n","protected":false},"author":1,"featured_media":0,"parent":0,"menu_order":96,"comment_status":"closed","ping_status":"closed","template":"","meta":{"footnotes":""},"class_list":["post-12","page","type-page","status-publish","hentry"],"_links":{"self":[{"href":"http:\/\/ez-und-geschlecht.podcast-kombinat.de\/index.php?rest_route=\/wp\/v2\/pages\/12","targetHints":{"allow":["GET"]}}],"collection":[{"href":"http:\/\/ez-und-geschlecht.podcast-kombinat.de\/index.php?rest_route=\/wp\/v2\/pages"}],"about":[{"href":"http:\/\/ez-und-geschlecht.podcast-kombinat.de\/index.php?rest_route=\/wp\/v2\/types\/page"}],"author":[{"embeddable":true,"href":"http:\/\/ez-und-geschlecht.podcast-kombinat.de\/index.php?rest_route=\/wp\/v2\/users\/1"}],"replies":[{"embeddable":true,"href":"http:\/\/ez-und-geschlecht.podcast-kombinat.de\/index.php?rest_route=%2Fwp%2Fv2%2Fcomments&post=12"}],"version-history":[{"count":12,"href":"http:\/\/ez-und-geschlecht.podcast-kombinat.de\/index.php?rest_route=\/wp\/v2\/pages\/12\/revisions"}],"predecessor-version":[{"id":135,"href":"http:\/\/ez-und-geschlecht.podcast-kombinat.de\/index.php?rest_route=\/wp\/v2\/pages\/12\/revisions\/135"}],"wp:attachment":[{"href":"http:\/\/ez-und-geschlecht.podcast-kombinat.de\/index.php?rest_route=%2Fwp%2Fv2%2Fmedia&parent=12"}],"curies":[{"name":"wp","href":"https:\/\/api.w.org\/{rel}","templated":true}]}}